{"id":27302,"date":"2026-02-24T10:01:30","date_gmt":"2026-02-24T09:01:30","guid":{"rendered":"https:\/\/dinaturez.com\/?post_type=product&#038;p=27302"},"modified":"2026-03-11T10:00:54","modified_gmt":"2026-03-11T09:00:54","slug":"caja-de-seguridad-mb350-gardepro","status":"publish","type":"product","link":"https:\/\/dinaturez.com\/pt\/product\/caja-de-seguridad-mb350-gardepro\/","title":{"rendered":"GardePro MB350 Caixa de seguran\u00e7a com c\u00e2mara MB350"},"content":{"rendered":"<h4 data-rm-block-id=\"block-1\"><strong data-start=\"206\" data-end=\"255\">GardePro MB350 Caixa de seguran\u00e7a com c\u00e2mara MB350<\/strong> \u00e9 a solu\u00e7\u00e3o definitiva para proteger as suas c\u00e2maras de armadilhagem fotogr\u00e1fica de alto desempenho contra roubo, vandalismo e condi\u00e7\u00f5es exteriores adversas. Especialmente concebida para os modelos avan\u00e7ados da s\u00e9rie Pro da GardePro, esta caixa refor\u00e7ada oferece <strong data-start=\"511\" data-end=\"567\">prote\u00e7\u00e3o duradoura sem comprometer a funcionalidade<\/strong> da c\u00e2mara.<\/h4>\n<p data-start=\"621\" data-end=\"888\" data-rm-block-id=\"block-2\"><strong data-start=\"624\" data-end=\"659\">Prote\u00e7\u00e3o robusta e resistente<\/strong><br data-start=\"659\" data-end=\"662\" \/>Fabricado em <strong data-start=\"675\" data-end=\"715\">liga de alum\u00ednio de alta qualidade<\/strong> com um design resistente ao vandalismo, proporciona uma barreira robusta ao impacto, \u00e0 manipula\u00e7\u00e3o n\u00e3o autorizada e ao desgaste ambiental.<\/p>\n<p data-start=\"890\" data-end=\"1168\" data-rm-block-id=\"block-3\"><strong data-start=\"894\" data-end=\"928\">Design para utiliza\u00e7\u00e3o no exterior<\/strong><br data-start=\"928\" data-end=\"931\" \/>A sua constru\u00e7\u00e3o refor\u00e7ada resiste \u00e0 chuva, ao p\u00f3 e \u00e0 utiliza\u00e7\u00e3o cont\u00ednua em condi\u00e7\u00f5es exigentes no campo, na floresta ou em \u00e1reas abertas, garantindo que a sua c\u00e2mara est\u00e1 bem protegida durante longos per\u00edodos de tempo.<\/p>\n<p data-start=\"1170\" data-end=\"1416\" data-rm-block-id=\"block-4\"><strong data-start=\"1173\" data-end=\"1210\">Compat\u00edvel com sistemas de fecho<\/strong><br data-start=\"1210\" data-end=\"1213\" \/>Beneficia de uma maior seguran\u00e7a gra\u00e7as \u00e0 sua conce\u00e7\u00e3o que permite instalar <strong data-start=\"1282\" data-end=\"1316\">Cadeados Dinaturez ou cabos de seguran\u00e7a<\/strong>, A c\u00e2mara pode ser acedida e removida com dificuldade.<\/p>\n<p data-start=\"1418\" data-end=\"1781\" data-rm-block-id=\"block-5\"><strong data-start=\"1421\" data-end=\"1450\">Compatibilidade espec\u00edfica<\/strong><br data-start=\"1450\" data-end=\"1453\" \/>O MB350 destina-se aos seguintes modelos <strong data-start=\"1492\" data-end=\"1529\">as c\u00e2maras GardePro mais avan\u00e7adas<\/strong>, incluindo, entre outros:<\/p>\n<p data-start=\"1418\" data-end=\"1781\" data-rm-block-id=\"block-6\"><span style=\"color: #ff0000;\">- S\u00e9ries profissionais, tais como <strong data-start=\"1575\" data-end=\"1659\">\u00a0E8 2.0 Pro, X66 Pro e X70 GPL\u00a0 <\/strong>\u00a0- ideal para equipamentos de vigil\u00e2ncia e controlo profissionais ou intensivos.<\/span><\/p>","protected":false},"excerpt":{"rendered":"<h3 data-rm-block-id=\"block-1\"><strong data-start=\"206\" data-end=\"255\">GardePro MB350 Caixa de seguran\u00e7a com c\u00e2mara MB350<\/strong> \u00e9 a solu\u00e7\u00e3o definitiva para proteger as suas c\u00e2maras de armadilhagem fotogr\u00e1fica de alto desempenho contra roubo, vandalismo e condi\u00e7\u00f5es exteriores adversas. Especialmente concebida para os modelos avan\u00e7ados da s\u00e9rie Pro da GardePro, esta caixa refor\u00e7ada oferece <strong data-start=\"511\" data-end=\"567\">prote\u00e7\u00e3o duradoura sem comprometer a funcionalidade<\/strong> da c\u00e2mara.<\/h3>","protected":false},"featured_media":27310,"template":"","meta":[],"product_brand":[],"product_cat":[105,139,138,129],"product_tag":[],"class_list":{"0":"post-27302","1":"product","2":"type-product","3":"status-publish","4":"has-post-thumbnail","6":"product_cat-accesorios","7":"product_cat-camara-con-envio-al-movil","8":"product_cat-camaras-basicas","9":"product_cat-gardepro","11":"first","12":"instock","13":"taxable","14":"shipping-taxable","15":"purchasable","16":"product-type-simple","17":"add-to-wishlist-after_add_to_cart"},"_links":{"self":[{"href":"https:\/\/dinaturez.com\/pt\/wp-json\/wp\/v2\/product\/27302","targetHints":{"allow":["GET"]}}],"collection":[{"href":"https:\/\/dinaturez.com\/pt\/wp-json\/wp\/v2\/product"}],"about":[{"href":"https:\/\/dinaturez.com\/pt\/wp-json\/wp\/v2\/types\/product"}],"wp:featuredmedia":[{"embeddable":true,"href":"https:\/\/dinaturez.com\/pt\/wp-json\/wp\/v2\/media\/27310"}],"wp:attachment":[{"href":"https:\/\/dinaturez.com\/pt\/wp-json\/wp\/v2\/media?parent=27302"}],"wp:term":[{"taxonomy":"product_brand","embeddable":true,"href":"https:\/\/dinaturez.com\/pt\/wp-json\/wp\/v2\/product_brand?post=27302"},{"taxonomy":"product_cat","embeddable":true,"href":"https:\/\/dinaturez.com\/pt\/wp-json\/wp\/v2\/product_cat?post=27302"},{"taxonomy":"product_tag","embeddable":true,"href":"https:\/\/dinaturez.com\/pt\/wp-json\/wp\/v2\/product_tag?post=27302"}],"curies":[{"name":"wp","href":"https:\/\/api.w.org\/{rel}","templated":true}]}}