{"id":26499,"date":"2025-12-04T07:44:45","date_gmt":"2025-12-04T06:44:45","guid":{"rendered":"https:\/\/dinaturez.com\/?post_type=product&#038;p=26499"},"modified":"2026-03-11T11:51:25","modified_gmt":"2026-03-11T10:51:25","slug":"bateria-recargable-l780d-gardepro","status":"publish","type":"product","link":"https:\/\/dinaturez.com\/pt\/product\/bateria-recargable-l780d-gardepro\/","title":{"rendered":"Bateria recarreg\u00e1vel GARDEPRO L780D L780D"},"content":{"rendered":"<h4 data-start=\"225\" data-end=\"592\">A bateria recarreg\u00e1vel <strong data-start=\"247\" data-end=\"265\">GardePro L780D<\/strong> est\u00e1 concebida para oferecer uma fonte de energia est\u00e1vel, duradoura e fi\u00e1vel. Com uma capacidade de <strong data-start=\"417\" data-end=\"429\">7800 mAh<\/strong>, proporciona uma excelente autonomia para longas sess\u00f5es de fototrampas ou vigil\u00e2ncia no exterior, reduzindo a necessidade de substitui\u00e7\u00e3o frequente das baterias.<\/h4>\n<h4 data-start=\"594\" data-end=\"844\">Fabricada com tecnologia de l\u00edtio de alta qualidade, garante um desempenho eficiente mesmo em condi\u00e7\u00f5es ambientais vari\u00e1veis. O seu design compacto e seguro permite uma instala\u00e7\u00e3o simples e uma utiliza\u00e7\u00e3o prolongada sem perda de desempenho.<\/h4>\n<p>&nbsp;<\/p>\n<ul>\n<li data-start=\"136\" data-end=\"185\">\n<p data-start=\"138\" data-end=\"185\"><strong data-start=\"138\" data-end=\"149\">Modelo:<\/strong> GardePro L780D recarreg\u00e1vel<\/p>\n<\/li>\n<li data-start=\"186\" data-end=\"225\">\n<p data-start=\"188\" data-end=\"225\"><strong data-start=\"188\" data-end=\"202\">Capacidade:<\/strong> 7800 mAh (\u00edon-l\u00edtio)<\/p>\n<\/li>\n<li data-start=\"226\" data-end=\"290\">\n<p data-start=\"228\" data-end=\"290\"><strong data-start=\"228\" data-end=\"240\">Tens\u00e3o:<\/strong> Concebido para uma alimenta\u00e7\u00e3o est\u00e1vel e prolongada<\/p>\n<\/li>\n<li data-start=\"291\" data-end=\"359\">\n<p data-start=\"293\" data-end=\"359\"><strong data-start=\"293\" data-end=\"312\">Compatibilidade:<\/strong> <strong data-start=\"313\" data-end=\"357\">Exclusivo para a c\u00e2mara GardePro X70GPL<\/strong><\/p>\n<\/li>\n<li data-start=\"360\" data-end=\"433\">\n<p data-start=\"362\" data-end=\"433\"><strong data-start=\"362\" data-end=\"375\">Liga\u00e7\u00e3o:<\/strong> Sistema de montagem e encaixe espec\u00edfico para este modelo<\/p>\n<\/li>\n<li data-start=\"434\" data-end=\"493\">\n<p data-start=\"436\" data-end=\"493\"><strong data-start=\"436\" data-end=\"444\">Utiliza\u00e7\u00e3o:<\/strong> Substitui\u00e7\u00e3o direta; recarreg\u00e1vel e reutiliz\u00e1vel<\/p>\n<\/li>\n<li data-start=\"494\" data-end=\"574\">\n<p data-start=\"496\" data-end=\"574\"><strong data-start=\"496\" data-end=\"511\">Aplica\u00e7\u00e3o:<\/strong> Alimenta\u00e7\u00e3o cont\u00ednua para armadilhas fotogr\u00e1ficas e v\u00eddeo em exteriores<\/p>\n<\/li>\n<\/ul>\n<p>&nbsp;<\/p>\n<p><br data-start=\"868\" data-end=\"871\" \/><span style=\"color: #ff0000;\">Este produto <strong data-start=\"884\" data-end=\"936\">Compat\u00edvel apenas com a c\u00e2mara GardePro X70GPL<\/strong>. N\u00e3o \u00e9 adequado para outros modelos.<\/span><\/p>\n<p>&nbsp;<\/p>","protected":false},"excerpt":{"rendered":"<p data-start=\"138\" data-end=\"185\"><strong data-start=\"138\" data-end=\"149\">Modelo:<\/strong> GardePro L780D recarreg\u00e1vel<\/p>\n<p data-start=\"188\" data-end=\"225\"><strong data-start=\"188\" data-end=\"202\">Capacidade:<\/strong> 7800 mAh (\u00edon-l\u00edtio)<\/p>\n<p data-start=\"228\" data-end=\"290\"><strong data-start=\"228\" data-end=\"240\">Tens\u00e3o:<\/strong> Concebido para uma alimenta\u00e7\u00e3o est\u00e1vel e prolongada<\/p>\n<p data-start=\"293\" data-end=\"359\"><strong data-start=\"293\" data-end=\"312\">Compatibilidade:<\/strong> <strong data-start=\"313\" data-end=\"357\">Exclusivo para a c\u00e2mara GardePro X70GPL<\/strong><strong data-start=\"362\" data-end=\"375\">Liga\u00e7\u00e3o:<\/strong> Sistema de montagem e encaixe espec\u00edfico para este modelo<\/p>\n<p data-start=\"436\" data-end=\"493\"><strong data-start=\"436\" data-end=\"444\">Utiliza\u00e7\u00e3o:<\/strong> Substitui\u00e7\u00e3o direta; recarreg\u00e1vel e reutiliz\u00e1vel<\/p>\n<p data-start=\"496\" data-end=\"574\"><strong data-start=\"496\" data-end=\"511\">Aplica\u00e7\u00e3o:<\/strong> Alimenta\u00e7\u00e3o cont\u00ednua para armadilhas fotogr\u00e1ficas e v\u00eddeo em exteriores<\/p>\n<p>&nbsp;<\/p>","protected":false},"featured_media":26500,"template":"","meta":[],"product_brand":[],"product_cat":[105,139,102,129],"product_tag":[],"class_list":{"0":"post-26499","1":"product","2":"type-product","3":"status-publish","4":"has-post-thumbnail","6":"product_cat-accesorios","7":"product_cat-camara-con-envio-al-movil","8":"product_cat-camaras","9":"product_cat-gardepro","11":"first","12":"instock","13":"taxable","14":"shipping-taxable","15":"purchasable","16":"product-type-simple","17":"add-to-wishlist-after_add_to_cart"},"_links":{"self":[{"href":"https:\/\/dinaturez.com\/pt\/wp-json\/wp\/v2\/product\/26499","targetHints":{"allow":["GET"]}}],"collection":[{"href":"https:\/\/dinaturez.com\/pt\/wp-json\/wp\/v2\/product"}],"about":[{"href":"https:\/\/dinaturez.com\/pt\/wp-json\/wp\/v2\/types\/product"}],"wp:featuredmedia":[{"embeddable":true,"href":"https:\/\/dinaturez.com\/pt\/wp-json\/wp\/v2\/media\/26500"}],"wp:attachment":[{"href":"https:\/\/dinaturez.com\/pt\/wp-json\/wp\/v2\/media?parent=26499"}],"wp:term":[{"taxonomy":"product_brand","embeddable":true,"href":"https:\/\/dinaturez.com\/pt\/wp-json\/wp\/v2\/product_brand?post=26499"},{"taxonomy":"product_cat","embeddable":true,"href":"https:\/\/dinaturez.com\/pt\/wp-json\/wp\/v2\/product_cat?post=26499"},{"taxonomy":"product_tag","embeddable":true,"href":"https:\/\/dinaturez.com\/pt\/wp-json\/wp\/v2\/product_tag?post=26499"}],"curies":[{"name":"wp","href":"https:\/\/api.w.org\/{rel}","templated":true}]}}